{"id":3372,"date":"2017-08-31T17:37:04","date_gmt":"2017-08-31T15:37:04","guid":{"rendered":"http:\/\/autismeurope.akimedia.eu\/fr\/?page_id=3372"},"modified":"2017-08-31T17:37:04","modified_gmt":"2017-08-31T15:37:04","slug":"together-we-can-manage-projet-de-soutien-a-lemploi-pour-les-personnes-avec-autisme-en-republique-tcheque","status":"publish","type":"page","link":"https:\/\/www.autismeurope.org\/fr\/together-we-can-manage-projet-de-soutien-a-lemploi-pour-les-personnes-avec-autisme-en-republique-tcheque\/","title":{"rendered":"Together We Can Manage : projet de soutien \u00e0 l\u2019emploi pour les personnes avec autisme en R\u00e9publique tch\u00e8que"},"content":{"rendered":"<p><span style=\"font-size: 12pt\">Le projet Together We Can Manage (TCWM) a vis\u00e9 \u00e0 :<\/span><\/p>\n<ul>\n<li><span style=\"font-size: 12pt\">\u00e9valuer les strat\u00e9gies existantes sur l\u2019emploi des personnes avec autisme \u00e0 travers l\u2019Europe ;<\/span><\/li>\n<li><span style=\"font-size: 12pt\">d\u00e9velopper des bonnes pratiques sur l\u2019emploi des personnes avec autisme en R\u00e9publique tch\u00e8que ;<\/span><\/li>\n<li><span style=\"font-size: 12pt\">partager de l\u2019information et des bonnes pratiques avec d\u2019autres organisations en Europe.<\/span><\/li>\n<\/ul>\n<p><span style=\"font-size: 12pt\">Le projet a r\u00e9uni des personnes avec autisme, des politiciens, des repr\u00e9sentants de gouvernements et des employeurs en vue de d\u00e9finir une politique de d\u00e9veloppement d\u2019opportunit\u00e9s d\u2019emploi pour les personnes avec autisme en R\u00e9publique tch\u00e8que, \u00e0 soumettre aux d\u00e9cideurs politiques et aux l\u00e9gislateurs.<\/span><\/p>\n<p><span style=\"font-size: 12pt\">En juin 2013, Pietro, membre d\u2019Autisme-Europe et self-advocate, a fait \u00e9tat de la situation des personnes avec autisme en Italie lors d\u2019une conf\u00e9rence \u00e0 Prague. Intitul\u00e9e \u00ab Soutien \u00e0 l\u2019emploi en Italie \u00bb, sa pr\u00e9sentation a donn\u00e9 un aper\u00e7u des barri\u00e8res \u00e0 l\u2019emploi auxquelles se heurtent les personnes avec autisme en Italie, en abordant les th\u00e8mes du diagnostic, de la connaissance de l\u2019autisme, de la l\u00e9gislation et des services.<\/span><\/p>\n<p><span style=\"font-size: 12pt\">Autisme-Europe a soutenu ce projet de trois ans, financ\u00e9 par le Fonds social europ\u00e9en en R\u00e9publique tch\u00e8que.<\/span><\/p>\n<p><span style=\"font-size: 12pt\">Pour de plus amples informations, nous nous invitons \u00e0 visiter le\u00a0<a href=\"http:\/\/www.twcm.cz\/\">site web du projet<\/a>\u00a0(en tch\u00e8que).<\/span><\/p>\n","protected":false},"excerpt":{"rendered":"<p>Le projet Together We Can Manage (TCWM) a vis\u00e9 \u00e0 : \u00e9valuer les strat\u00e9gies existantes sur l\u2019emploi des personnes avec autisme \u00e0 travers l\u2019Europe ; d\u00e9velopper des bonnes pratiques sur &hellip; <\/p>\n<p class=\"link-more\"><a href=\"https:\/\/www.autismeurope.org\/fr\/together-we-can-manage-projet-de-soutien-a-lemploi-pour-les-personnes-avec-autisme-en-republique-tcheque\/\" class=\"more-link\">Continue reading<span class=\"screen-reader-text\"> \u00ab\u00a0Together We Can Manage : projet de soutien \u00e0 l\u2019emploi pour les personnes avec autisme en R\u00e9publique tch\u00e8que\u00a0\u00bb<\/span><\/a><\/p>\n","protected":false},"author":32,"featured_media":0,"parent":0,"menu_order":0,"comment_status":"closed","ping_status":"closed","template":"","meta":{"_acf_changed":false,"_bbp_topic_count":0,"_bbp_reply_count":0,"_bbp_total_topic_count":0,"_bbp_total_reply_count":0,"_bbp_voice_count":0,"_bbp_anonymous_reply_count":0,"_bbp_topic_count_hidden":0,"_bbp_reply_count_hidden":0,"_bbp_forum_subforum_count":0,"footnotes":""},"class_list":["post-3372","page","type-page","status-publish","hentry"],"acf":[],"_links":{"self":[{"href":"https:\/\/www.autismeurope.org\/fr\/wp-json\/wp\/v2\/pages\/3372","targetHints":{"allow":["GET"]}}],"collection":[{"href":"https:\/\/www.autismeurope.org\/fr\/wp-json\/wp\/v2\/pages"}],"about":[{"href":"https:\/\/www.autismeurope.org\/fr\/wp-json\/wp\/v2\/types\/page"}],"author":[{"embeddable":true,"href":"https:\/\/www.autismeurope.org\/fr\/wp-json\/wp\/v2\/users\/32"}],"replies":[{"embeddable":true,"href":"https:\/\/www.autismeurope.org\/fr\/wp-json\/wp\/v2\/comments?post=3372"}],"version-history":[{"count":1,"href":"https:\/\/www.autismeurope.org\/fr\/wp-json\/wp\/v2\/pages\/3372\/revisions"}],"predecessor-version":[{"id":3373,"href":"https:\/\/www.autismeurope.org\/fr\/wp-json\/wp\/v2\/pages\/3372\/revisions\/3373"}],"wp:attachment":[{"href":"https:\/\/www.autismeurope.org\/fr\/wp-json\/wp\/v2\/media?parent=3372"}],"curies":[{"name":"wp","href":"https:\/\/api.w.org\/{rel}","templated":true}]}}