{"id":3382,"date":"2017-09-01T10:33:28","date_gmt":"2017-09-01T08:33:28","guid":{"rendered":"http:\/\/autismeurope.akimedia.eu\/fr\/?page_id=3382"},"modified":"2018-06-11T11:50:47","modified_gmt":"2018-06-11T09:50:47","slug":"xie-congres-international","status":"publish","type":"page","link":"https:\/\/www.autismeurope.org\/fr\/xie-congres-international\/","title":{"rendered":"XIe Congr\u00e8s International Autisme-Europe, \u00c9dimbourg, \u00c9cosse, 2016"},"content":{"rendered":"<p><span style=\"font-size: 12pt\">Les congr\u00e8s d\u2019Autisme-Europe sont d\u00e9di\u00e9s au\u00a0<strong>partage des nouvelles connaissances pratiques et scientifiques dans le domaine de l\u2019autisme avec un public aussi large que possible<\/strong>, notamment des chercheurs, des professionnels, des parents et des auto-repr\u00e9sentants.<\/span><\/p>\n<p><span style=\"font-size: 12pt\"><strong>Le 11e Congr\u00e8s d\u2019Autisme-Europe a port\u00e9 sur les d\u00e9veloppements les plus r\u00e9cents<\/strong>\u00a0dans le domaine de l\u2019autisme, y compris les causes, la g\u00e9n\u00e9tique, le diagnostic, l\u2019intervention pr\u00e9coce, les traitements, l\u2019\u00e9ducation, l\u2019assistance, l\u2019emploi, les droits et les politiques, et bien d\u2019autres.<\/span><\/p>\n<p><span style=\"font-size: 12pt\">Le Congr\u00e8s a trait\u00e9 \u00e9galement de l\u2019\u00e9volution des connaissances, des droits et des services d\u00e9di\u00e9s aux personnes avec autisme et a fourni un aper\u00e7u des d\u00e9veloppements \u00e0 venir, par exemple dans le domaine des technologies futures au service de l\u2019autisme.<\/span><br \/>\n<span style=\"font-size: 12pt\"><strong><br \/>\nLe th\u00e8me du Congr\u00e8s 2016 \u00ab Heureux, en Bonne Sant\u00e9 et\u00a0<em>Empowered<\/em>\u00a0\u00bb (Happy, Healthy and Empowered)<\/strong>. Le Congr\u00e8s a examin\u00e9 les d\u00e9veloppements les plus r\u00e9cents dans le domaine de l&rsquo;autisme, y compris les causes, la g\u00e9n\u00e9tique, le diagnostic, l&rsquo;intervention pr\u00e9coce, les traitements, l&rsquo;\u00e9ducation, le soutien, l&#8217;emploi, les droits et les politiques, et beaucoup plus. Il a \u00e9galement couvert l&rsquo;\u00e9volution des connaissances, des droits et des services pour les personnes autistes, et a fourni un aper\u00e7u des d\u00e9veloppements futurs dans le domaine des connaissances et des technologies au service des personnes autistes, qui pourraient bient\u00f4t faire partie int\u00e9grante de la vie quotidienne.<\/span><\/p>\n<p><iframe loading=\"lazy\" title=\"Autism-Europe\u2019s 11th International Congress Edinburgh 2016\" width=\"525\" height=\"295\" src=\"https:\/\/www.youtube.com\/embed\/4yXBMATIOh0?feature=oembed\" frameborder=\"0\" allow=\"accelerometer; autoplay; clipboard-write; encrypted-media; gyroscope; picture-in-picture; web-share\" referrerpolicy=\"strict-origin-when-cross-origin\" allowfullscreen><\/iframe><\/p>\n<h2><span style=\"font-size: 14pt\"><strong>\u00abHereux, en Bonne Sant\u00e9 et\u00a0<em>E<\/em><em>mpowered<\/em>\u00bb\u00a0<\/strong><\/span><\/h2>\n<p><span style=\"font-size: 12pt\">La\u00a0<strong>cat\u00e9gorie \u00abHeureux\u00bb (Happy)<\/strong>\u00a0traite de l\u2019am\u00e9lioration de la qualit\u00e9 de vie des personnes avec autisme, notamment en mati\u00e8re de bien-\u00eatre, de la gestion de l\u2019anxi\u00e9t\u00e9, ou de l\u2019automutilation ou d\u2019autres questions li\u00e9es au comportement, aux difficult\u00e9s sensorielles, au soutien en milieu scolaire et dans les services, et des strat\u00e9gies pour am\u00e9liorer les pratiques \u00e9ducatives.\u00a0<\/span><\/p>\n<p><span style=\"font-size: 12pt\">La\u00a0<strong>cat\u00e9gorie \u00ab en bonne sant\u00e9 \u00bb (Healthy)<\/strong>\u00a0examine l\u2019am\u00e9lioration de l\u2019\u00e9tat de sant\u00e9 des personnes avec autisme, y compris en mati\u00e8re de diagnostic et de soutien post-diagnostique, de sant\u00e9 physique et mentale, de soutien pratique et d\u2019autres aspects li\u00e9s \u00e0 l\u2019am\u00e9lioration de la sant\u00e9.<\/span><\/p>\n<p><span style=\"font-size: 12pt\">Enfin,\u00a0<strong>la cat\u00e9gorie \u00ab<em>Empowered<\/em>\u00a0\u00bb<\/strong>\u00a0traite \u00e0 la fois de l\u2019autonomisation des personnes avec autisme et des fa\u00e7ons de doter les professionnels d\u2019outils pouvant mieux les soutenir, par exemple: la participation et la coproduction, le soutien \u00e0 la communication, les mod\u00e8les de bonnes pratiques en mati\u00e8re de services, la mise en pratique des th\u00e9ories, des droits et politiques dans le domaine de l\u2019autisme et d\u2019autres aspects li\u00e9s \u00e0 l\u2019empowerment des personnes avec autisme.<\/span><\/p>\n<p><span style=\"font-size: 12pt\">Les trois th\u00e8mes mentionn\u00e9s ci-dessus ont \u00e9t\u00e9 d\u00e9cid\u00e9s par souci de coh\u00e9rence mais n&rsquo;\u00e9taient en aucun cas restrictifs. Autisme-Europe a encourag\u00e9 les personnes de tous les horizons \u00e0 soumettre leurs abstracts.<\/span><\/p>\n<h2><span style=\"font-size: 14pt\"><strong>Le programme des intervenants comprennait :<\/strong><\/span><\/h2>\n<ul>\n<li><span style=\"font-size: 12pt\">Virginia BOVELL,\u00a0<em>Parent et chercheuse, Ethnox Centre, et expert du panel<\/em><\/span><\/li>\n<\/ul>\n<ul>\n<li><span style=\"font-size: 12pt\">Gunilla GERLAND,\u00a0<em>repr\u00e9sentante de l\u2019autisme ind\u00e9pendante et intervenante<\/em><\/span><\/li>\n<\/ul>\n<ul>\n<li><span style=\"font-size: 12pt\">Bo HEJLSKOV ELV\u00c9N,\u00a0<em>Psychologue clinicien<\/em><\/span><\/li>\n<\/ul>\n<ul>\n<li><span style=\"font-size: 12pt\">Professor Roy Richard GRINKER,\u00a0<em>Professeur et chaire universitaire, d\u00e9partement d\u2019anthropologie, Universit\u00e9 George Washington<\/em><\/span><\/li>\n<\/ul>\n<ul>\n<li><span style=\"font-size: 12pt\">Dr Wenn LAWSON,\u00a0<em>Psychologue<\/em><\/span><\/li>\n<\/ul>\n<ul>\n<li><span style=\"font-size: 12pt\">Professor Tommy MACKAY,\u00a0<em>Directeur des services de conseils psychologiques et professeur d\u2019\u00e9tudes sur l\u2019autisme, Universit\u00e9 de Strathclyde<\/em><\/span><\/li>\n<\/ul>\n<ul>\n<li><span style=\"font-size: 12pt\">Professor Liz PELLICANO,\u00a0<em>Directrice, Centre de Recherche sur l\u2019Autisme et l\u2019Education (CRAE), UCL Institut de l\u2019\u00e9ducation, University College de Londres<\/em><\/span><\/li>\n<\/ul>\n<ul>\n<li><span style=\"font-size: 12pt\">Dr Peter VERMEULEN,\u00a0<em>Ma\u00eetre de conf\u00e9rences et consultant, Autisme Centraal<\/em><\/span><\/li>\n<\/ul>\n<ul>\n<li><span style=\"font-size: 12pt\">Professor Fred R VOLKMAR, M.D.,\u00a0<em>Irving B. Harris, Professeur de P\u00e9dopsychiatrie, de p\u00e9diatrie et de psychologie, Ecole de M\u00e9dicine Yale, Centre d\u2019\u00e9tudes sur l\u2019enfance.<\/em><\/span><\/li>\n<\/ul>\n<p>&nbsp;<\/p>\n<h2><span style=\"font-size: 14pt\"><strong>Ateliers<\/strong><\/span><\/h2>\n<ul>\n<li><span style=\"font-size: 12pt\">Gina DAVIES,\u00a0<em>Sp\u00e9cialiste en orthophonie et conseill\u00e8re sur la science du sommeil<\/em><\/span><\/li>\n<\/ul>\n<ul>\n<li><span style=\"font-size: 12pt\">Dr Wendy KEAY-BRIGHT,\u00a0<em>Chercheuse en design inclusif, Ma\u00eetre de conf\u00e9rence en communication graphique. Ecole de beaux-arts et de design de Cardiff avec<\/em>Ann HARBER,\u00a0<em>auto-repr\u00e9sentante autiste et\u00a0<\/em>Katie NURSE,\u00a0<em>assistant. Surrey and Borders NHS Trust<\/em><\/span><\/li>\n<\/ul>\n<ul>\n<li><span style=\"font-size: 12pt\">Diederik WEVE,\u00a0<em>Ing\u00e9nieur et auto-repr\u00e9sentant autiste, Stichting Autminds, PAS-Nederland, Shell<\/em><\/span><\/li>\n<\/ul>\n<p>&nbsp;<\/p>\n<p><span style=\"font-size: 12pt\">La conf\u00e9rence a eu lieu au Palais des Congr\u00e8s d\u2019Edimbourg (<a href=\"http:\/\/www.eicc.co.uk\/\">EICC<\/a>) du 16 au 18 Septembre 2016. Situ\u00e9 au c\u0153ur de la capitale de l\u2019Ecosse, une ville \u00e9l\u00e9gante et riche de son pass\u00e9 historique, l\u2019EICC est un des lieux les plus remarquables pour l\u2019organisation de conf\u00e9rences, de congr\u00e8s et d\u2019expositions.<\/span><\/p>\n<blockquote><p><span style=\"font-size: 12pt\"><a href=\"http:\/\/www.autism.org.uk\/professionals\/conferences\/xi-congress.aspx\" target=\"_blank\" rel=\"noopener\"><strong>En savoir plus<\/strong><\/a>\u00a0(EN)<\/span><\/p>\n<p><span style=\"font-size: 12pt\"><a href=\"http:\/\/programme.exordo.com\/autismeurope2016\/\" target=\"_blank\" rel=\"noopener\"><strong>Le programme du congr\u00e8s<\/strong>\u00a0<\/a>(EN)<\/span><\/p><\/blockquote>\n<p>&nbsp;<\/p>\n","protected":false},"excerpt":{"rendered":"<p>Les congr\u00e8s d\u2019Autisme-Europe sont d\u00e9di\u00e9s au\u00a0partage des nouvelles connaissances pratiques et scientifiques dans le domaine de l\u2019autisme avec un public aussi large que possible, notamment des chercheurs, des professionnels, des &hellip; <\/p>\n<p class=\"link-more\"><a href=\"https:\/\/www.autismeurope.org\/fr\/xie-congres-international\/\" class=\"more-link\">Continue reading<span class=\"screen-reader-text\"> \u00ab\u00a0XIe Congr\u00e8s International Autisme-Europe, \u00c9dimbourg, \u00c9cosse, 2016\u00a0\u00bb<\/span><\/a><\/p>\n","protected":false},"author":32,"featured_media":0,"parent":0,"menu_order":2,"comment_status":"closed","ping_status":"closed","template":"","meta":{"_acf_changed":false,"_bbp_topic_count":0,"_bbp_reply_count":0,"_bbp_total_topic_count":0,"_bbp_total_reply_count":0,"_bbp_voice_count":0,"_bbp_anonymous_reply_count":0,"_bbp_topic_count_hidden":0,"_bbp_reply_count_hidden":0,"_bbp_forum_subforum_count":0,"footnotes":""},"class_list":["post-3382","page","type-page","status-publish","hentry"],"acf":[],"_links":{"self":[{"href":"https:\/\/www.autismeurope.org\/fr\/wp-json\/wp\/v2\/pages\/3382","targetHints":{"allow":["GET"]}}],"collection":[{"href":"https:\/\/www.autismeurope.org\/fr\/wp-json\/wp\/v2\/pages"}],"about":[{"href":"https:\/\/www.autismeurope.org\/fr\/wp-json\/wp\/v2\/types\/page"}],"author":[{"embeddable":true,"href":"https:\/\/www.autismeurope.org\/fr\/wp-json\/wp\/v2\/users\/32"}],"replies":[{"embeddable":true,"href":"https:\/\/www.autismeurope.org\/fr\/wp-json\/wp\/v2\/comments?post=3382"}],"version-history":[{"count":4,"href":"https:\/\/www.autismeurope.org\/fr\/wp-json\/wp\/v2\/pages\/3382\/revisions"}],"predecessor-version":[{"id":26775,"href":"https:\/\/www.autismeurope.org\/fr\/wp-json\/wp\/v2\/pages\/3382\/revisions\/26775"}],"wp:attachment":[{"href":"https:\/\/www.autismeurope.org\/fr\/wp-json\/wp\/v2\/media?parent=3382"}],"curies":[{"name":"wp","href":"https:\/\/api.w.org\/{rel}","templated":true}]}}