{"id":3871,"date":"2017-09-14T15:27:42","date_gmt":"2017-09-14T13:27:42","guid":{"rendered":"http:\/\/autismeurope.akimedia.eu\/fr\/?page_id=3871"},"modified":"2017-10-27T10:21:47","modified_gmt":"2017-10-27T08:21:47","slug":"promotion-des-droits","status":"publish","type":"page","link":"https:\/\/www.autismeurope.org\/fr\/que-faisons-nous\/promotion-des-droits\/","title":{"rendered":"Promotion des droits"},"content":{"rendered":"<p><span style=\"font-size: 12pt\">L&rsquo;Union europ\u00e9enne est compos\u00e9e de plusieurs institutions, chacune joue un r\u00f4le diff\u00e9rent dans l&rsquo;\u00e9laboration et l&rsquo;application de lois, de politiques et de budgets. Autisme-Europe agit pour influencer chacune d&rsquo;entre elles de diff\u00e9rentes fa\u00e7ons.<\/span><\/p>\n<p><span style=\"font-size: 12pt\">Pour en savoir plus sur ce qui fait chaque institution, il suffit de cliquer sur son nom dans la liste ci-dessous\u00a0:<\/span><\/p>\n<p>[accordion=true tag=h2]<br \/>\n[accordion-item title=\u00a0\u00bbConseil europ\u00e9en &#8211; D\u00e9finition de l&rsquo;agenda\u00a0\u00bb]<\/p>\n<p><span style=\"font-size: 12pt\"><a href=\"http:\/\/www.consilium.europa.eu\/fr\/european-council\/\">Le Conseil europ\u00e9en<\/a>\u00a0est la plus haute institution politique de l\u2019UE. Il fixe les objectifs de l\u2019UE et les moyens \u00e0 mettre en \u0153uvre pour les atteindre. Il se compose des pr\u00e9sidents et\/ou des premiers ministres de chaque Etat membre ainsi que du pr\u00e9sident du Conseil europ\u00e9en et de la Commission europ\u00e9enne.<\/span><\/p>\n<p><span style=\"font-size: 12pt\">&gt;&gt;\u00a0<em>Les membres d\u2019<strong>Autisme-Europe<\/strong>\u00a0peuvent faire pression aupr\u00e8s de leurs gouvernements nationaux pour des questions pertinentes au niveau europ\u00e9en.<\/em><\/span><\/p>\n<p>[\/accordion-item][accordion-item title=\u00a0\u00bbCommission europ\u00e9enne &#8211; Proposition et mise en oeuvre des lois\u00a0\u00bb]<\/p>\n<p><span style=\"font-size: 12pt\">Le r\u00f4le de la\u00a0<a href=\"http:\/\/ec.europa.eu\/index_fr.htm\">Commission europ\u00e9enne<\/a>\u00a0est d\u2019initier des lois et de les mettre en \u0153uvre, de faire respecter les trait\u00e9s de l\u2019Union europ\u00e9enne et de g\u00e9rer les affaires courantes de l\u2019UE, \u00e0 savoir une grande partie des programmes communautaires et le budget.<\/span><\/p>\n<p>&nbsp;<\/p>\n<p><span style=\"font-size: 12pt\">&gt;&gt;\u00a0<strong><em>Autisme-Europe<\/em><\/strong><em>\u00a0r\u00e9pond aux\u00a0<a href=\"http:\/\/www.autismeurope.org\/fr\/publications-d-autisme-europe\/contribution-aux-consultations\/\">consultations structur\u00e9es<\/a>\u00a0de la Commission europ\u00e9enne avec des organisations de la soci\u00e9t\u00e9 civile pour les questions politiques relatives \u00e0 l\u2019autisme.<\/em><\/span><\/p>\n<p><span style=\"font-size: 12pt\">&gt;&gt;\u00a0<strong><em>Autisme-Europe<\/em><\/strong><em>\u00a0b\u00e9n\u00e9ficie d\u2019un financement de fonctionnement de la Commission europ\u00e9enne, gr\u00e2ce au Programme Progress.<\/em><\/span><\/p>\n<p>[\/accordion-item][accordion-item title=\u00a0\u00bbConseil de l&rsquo;Union europ\u00e9enne et Parlement europ\u00e9en &#8211; Prise de d\u00e9cisions\u00a0\u00bb]<\/p>\n<p><span style=\"font-size: 12pt\">Les budgets et la plupart des lois de l\u2019Union europ\u00e9enne sont adopt\u00e9s selon une proc\u00e9dure de cod\u00e9cision impliquant l\u2019accord \u00e0 la fois du Conseil de l\u2019UE (repr\u00e9sentant les gouvernements nationaux) et du\u00a0<a href=\"http:\/\/www.europarl.europa.eu\/portal\/fr\">Parlement europ\u00e9en<\/a>\u00a0(repr\u00e9sentant les citoyens europ\u00e9ens par \u00e9lection directe) pour chaque proposition de loi et chaque proposition budg\u00e9taire.<\/span><\/p>\n<p><span style=\"font-size: 12pt\"><strong>Le Conseil de l\u2019UE<\/strong>\u00a0(aussi appel\u00e9 \u201cConseil des Ministres\u201d) prend des d\u00e9cisions dans le cadre de r\u00e9unions r\u00e9guli\u00e8res organis\u00e9es entre les ministres des gouvernements nationaux comp\u00e9tents en fonction du th\u00e8me inscrit \u00e0 l\u2019ordre du jour (par exemple, les ministres de l\u2019agriculture sont habilit\u00e9s \u00e0 prendre des d\u00e9cisions en mati\u00e8re de politiques d\u2019\u00e9levage\u00a0tandis que les ministres des affaires \u00e9trang\u00e8res sont habilit\u00e9s \u00e0 prendre des d\u00e9cisions en mati\u00e8re de politique ext\u00e9rieure). Chaque ministre du Conseil est habilit\u00e9 \u00e0 prendre des d\u00e9cisions au nom de son gouvernement national.<\/span><\/p>\n<p><span style=\"font-size: 12pt\"><strong>Le Parlement europ\u00e9en<\/strong>\u00a0se compose de 751 repr\u00e9sentants \u00e9lus directement dans les 28 Etats membres. Les\u00a0<a href=\"http:\/\/www.europarl.europa.eu\/meps\/fr\/map.html\">membres du Parlement europ\u00e9en (MPE)<\/a>\u00a0font chacun partie d\u2019un groupe politique paneurop\u00e9en qui correspond \u00e0 leurs convictions et priorit\u00e9s politiques. Les d\u00e9bats principaux sont organis\u00e9s en sessions pl\u00e9ni\u00e8res mensuelles \u00e0 Strasbourg, en France, tandis que les sessions compl\u00e9mentaires et le travail pr\u00e9paratoire ont lieu \u00e0 Bruxelles, en Belgique.<\/span><\/p>\n<p><span style=\"font-size: 12pt\">&gt;&gt;\u00a0<a href=\"http:\/\/www.autismeurope.org\/files\/files\/ajouts\/charte.pdf?phpMyAdmin=6b5bf7f8d78e834db66115fb8a480868\">La Charte des Droits des personnes autistes\u00a0d\u2019<strong>Autisme-Europe<\/strong><\/a>\u00a0<em>a \u00e9t\u00e9 adopt\u00e9e en tant que d\u00e9claration \u00e9crite par le Parlement europ\u00e9en en 1996.<\/em><\/span><\/p>\n<p><span style=\"font-size: 12pt\">&gt;&gt;\u00a0<strong><em>Autisme-Europe<\/em><\/strong><em>\u00a0fait de la veille sur les lois et politiques europ\u00e9ennes en phase d\u2019\u00e9laboration et, si n\u00e9cessaire, consulte ses membres \u00e0 un stade pr\u00e9coce.<\/em><\/span><\/p>\n<p>[\/accordion-item]<\/p>\n<p>[\/accordion]<\/p>\n<p>&nbsp;<\/p>\n<p><span style=\"font-size: 12pt\">Au-del\u00e0 de ses activit\u00e9s aupr\u00e8s des institutions europ\u00e9ennes, Autisme-Europe a adopt\u00e9 \u00e9galement une approche plus globale pour d\u00e9fendre les droits des personnes autistes. Depuis plusieurs ann\u00e9es, l\u2019une des priorit\u00e9s principales d\u2019Autisme-Europe et d\u2019autres organisations de d\u00e9fense des droits des personnes handicap\u00e9es \u00e0 Bruxelles est de s\u2019assurer de la pleine mise en \u0153uvre de la\u00a0<a href=\"http:\/\/www.autismeurope.org\/main-fields-of-action\/monitoring-the-un-crpd\/\">Convention des Nations Unies relative aux Droits des Personnes Handicap\u00e9es<\/a>\u00a0\u00e0 travers l\u2019Europe.<\/span><\/p>\n<p><span style=\"font-size: 12pt\">Autisme-Europe a \u00e9galement \u00e9tabli un dialogue structur\u00e9 avec les institutions europ\u00e9ennes et entretient aussi des contacts avec l\u2019<a href=\"http:\/\/www.who.int\/fr\/\">Organisation Mondiale de la Sant\u00e9<\/a>\u00a0(OMS). Autisme-Europe b\u00e9n\u00e9ficie d\u2019un statut participatif au sein du\u00a0<a href=\"http:\/\/www.coe.int\/fr\/web\/portal\/home\">Conseil de l\u2019Europe<\/a>. En juillet 2002, Autisme-Europe, avec l\u2019appui du\u00a0<a href=\"http:\/\/www.coe.int\/t\/dghl\/monitoring\/socialcharter\/ecsr\/ecsrdefault_FR.asp?\">Comit\u00e9 europ\u00e9en des droits sociaux<\/a>, a introduit une r\u00e9clamation collective, devenant ainsi la premi\u00e8re ONG dans le domaine du handicap \u00e0 entreprendre ce type d\u2019action.<\/span><\/p>\n<p>&nbsp;<\/p>\n","protected":false},"excerpt":{"rendered":"<p>L&rsquo;Union europ\u00e9enne est compos\u00e9e de plusieurs institutions, chacune joue un r\u00f4le diff\u00e9rent dans l&rsquo;\u00e9laboration et l&rsquo;application de lois, de politiques et de budgets. Autisme-Europe agit pour influencer chacune d&rsquo;entre elles &hellip; <\/p>\n<p class=\"link-more\"><a href=\"https:\/\/www.autismeurope.org\/fr\/que-faisons-nous\/promotion-des-droits\/\" class=\"more-link\">Continue reading<span class=\"screen-reader-text\"> \u00ab\u00a0Promotion des droits\u00a0\u00bb<\/span><\/a><\/p>\n","protected":false},"author":32,"featured_media":0,"parent":105,"menu_order":1,"comment_status":"closed","ping_status":"closed","template":"","meta":{"_acf_changed":false,"_bbp_topic_count":0,"_bbp_reply_count":0,"_bbp_total_topic_count":0,"_bbp_total_reply_count":0,"_bbp_voice_count":0,"_bbp_anonymous_reply_count":0,"_bbp_topic_count_hidden":0,"_bbp_reply_count_hidden":0,"_bbp_forum_subforum_count":0,"footnotes":""},"class_list":["post-3871","page","type-page","status-publish","hentry"],"acf":[],"_links":{"self":[{"href":"https:\/\/www.autismeurope.org\/fr\/wp-json\/wp\/v2\/pages\/3871","targetHints":{"allow":["GET"]}}],"collection":[{"href":"https:\/\/www.autismeurope.org\/fr\/wp-json\/wp\/v2\/pages"}],"about":[{"href":"https:\/\/www.autismeurope.org\/fr\/wp-json\/wp\/v2\/types\/page"}],"author":[{"embeddable":true,"href":"https:\/\/www.autismeurope.org\/fr\/wp-json\/wp\/v2\/users\/32"}],"replies":[{"embeddable":true,"href":"https:\/\/www.autismeurope.org\/fr\/wp-json\/wp\/v2\/comments?post=3871"}],"version-history":[{"count":3,"href":"https:\/\/www.autismeurope.org\/fr\/wp-json\/wp\/v2\/pages\/3871\/revisions"}],"predecessor-version":[{"id":5038,"href":"https:\/\/www.autismeurope.org\/fr\/wp-json\/wp\/v2\/pages\/3871\/revisions\/5038"}],"up":[{"embeddable":true,"href":"https:\/\/www.autismeurope.org\/fr\/wp-json\/wp\/v2\/pages\/105"}],"wp:attachment":[{"href":"https:\/\/www.autismeurope.org\/fr\/wp-json\/wp\/v2\/media?parent=3871"}],"curies":[{"name":"wp","href":"https:\/\/api.w.org\/{rel}","templated":true}]}}