{"id":4084,"date":"2017-09-26T15:31:00","date_gmt":"2017-09-26T13:31:00","guid":{"rendered":"http:\/\/www.autismeurope.org\/fr\/?page_id=4084"},"modified":"2017-09-26T15:31:00","modified_gmt":"2017-09-26T13:31:00","slug":"1-conference-au-parlement-europeen-vers-ladoption-dune-strategie-europeenne-de-lautisme","status":"publish","type":"page","link":"https:\/\/www.autismeurope.org\/fr\/1-conference-au-parlement-europeen-vers-ladoption-dune-strategie-europeenne-de-lautisme\/","title":{"rendered":"1-\tConf\u00e9rence au Parlement europ\u00e9en : \u00ab Vers l\u2019adoption d\u2019une Strat\u00e9gie europ\u00e9enne de  l\u2019autisme \u00bb"},"content":{"rendered":"<p><span style=\"font-size: 12pt\">La conf\u00e9rence a \u00e9t\u00e9 copr\u00e9sid\u00e9e par l\u2019eurod\u00e9put\u00e9 Nicola Caputo (premier signataire de la D\u00e9claration \u00e9crite), l\u2019eurod\u00e9put\u00e9 Marek Plura (cosignataire et copr\u00e9sident de l\u2019Intergroupe sur le handicap) et par l\u2019eurod\u00e9put\u00e9e Miriam Dalli (cosignataire). Le panel \u00e9tait compos\u00e9 de repr\u00e9sentants et d\u2019experts de l\u2019autisme, ainsi que de fonctionnaires cl\u00e9 de la Commission europ\u00e9enne. Au cours de la conf\u00e9rence, divers th\u00e8mes ont \u00e9t\u00e9 abord\u00e9s, notamment\u00a0 l\u2019autisme en lien avec les droits humains et la sant\u00e9 publique, comment une strat\u00e9gie europ\u00e9enne de l\u2019autisme peut r\u00e9pondre aux diff\u00e9rents besoins des personnes avec autisme ou encore comment diff\u00e9rents traitements peuvent aider \u00e0 r\u00e9duire la s\u00e9v\u00e9rit\u00e9 de l\u2019autisme chez certaines personnes.<\/span><\/p>\n<p>&nbsp;<\/p>\n<h2><span style=\"font-size: 14pt\">Les orateurs, dans l&rsquo;ordre de leurs pr\u00e9sentations, \u00e9taient les suivants:<\/span><\/h2>\n<p><span style=\"font-size: 12pt\">Antoni Montserrat (responsable de la sant\u00e9 publique et de la politique, DG SANTE, Commission europ\u00e9enne),<\/span><\/p>\n<blockquote><p><span style=\"font-size: 12pt\"><strong><a href=\"http:\/\/autismeurope.akimedia.eu\/wp-content\/uploads\/2017\/08\/09h20-antoni-montserrat.pdf\" target=\"_blank\" rel=\"noopener\">T\u00e9l\u00e9charger la pr\u00e9sentation<\/a><\/strong><\/span><\/p><\/blockquote>\n<p><span style=\"font-size: 12pt\">Joaqu\u00edn Fuentes (MD &#8211; Policlinica Gipuzkoa, San Sebasti\u00e1n, Conseiller scientifique au sein de la Soci\u00e9t\u00e9 europ\u00e9enne pour la psychiatrie de l&rsquo;enfance et de l&rsquo;adolescence (ESCAP) et conseiller scientifique du coordinateur du projet europ\u00e9en ASDEU)<\/span><\/p>\n<blockquote><p><span style=\"font-size: 12pt\"><strong><a href=\"http:\/\/autismeurope.akimedia.eu\/wp-content\/uploads\/2017\/08\/09h20-antoni-montserrat.pdf\" target=\"_blank\" rel=\"noopener\">T\u00e9l\u00e9charger la pr\u00e9sentation<\/a><\/strong><\/span><\/p><\/blockquote>\n<p><span style=\"font-size: 12pt\">Mar\u00eda-Luisa Cabral (responsable de l&rsquo;unit\u00e9 des personnes handicap\u00e9es, DG EMPL, Commission europ\u00e9enne)<\/span><\/p>\n<p><span style=\"font-size: 12pt\">Donata Vivanti (vice-pr\u00e9sident du Forum europ\u00e9en des personnes handicap\u00e9es et membre du conseil d&rsquo;administration d&rsquo;AE)<\/span><\/p>\n<blockquote><p><span style=\"font-size: 12pt\"><a href=\"http:\/\/autismeurope.akimedia.eu\/wp-content\/uploads\/2017\/08\/10h15-donata-pagetti.pdf\" target=\"_blank\" rel=\"noopener\"><strong>T\u00e9l\u00e9charger la pr\u00e9sentation<\/strong><\/a><\/span><\/p><\/blockquote>\n<p><span style=\"font-size: 12pt\">Johanna Manikiza (coordinatrice strat\u00e9gique nationale pour l\u2019autisme au Pays de Galles)<\/span><\/p>\n<blockquote><p><span style=\"font-size: 12pt\"><a href=\"http:\/\/autismeurope.akimedia.eu\/wp-content\/uploads\/2017\/08\/10h45-johanna-manikiza.pdf\" target=\"_blank\" rel=\"noopener\"><strong>T\u00e9l\u00e9charger la pr\u00e9sentation<\/strong><\/a><\/span><\/p><\/blockquote>\n<p><span style=\"font-size: 12pt\">Evelyne Friedel (vice-pr\u00e9sidente d\u2019Autisme-Europe)<\/span><\/p>\n<blockquote><p><span style=\"font-size: 12pt\"><strong><a href=\"http:\/\/autismeurope.akimedia.eu\/wp-content\/uploads\/2017\/08\/10h45-johanna-manikiza.pdf\" target=\"_blank\" rel=\"noopener\">T\u00e9l\u00e9charger la pr\u00e9sentation<\/a><\/strong><\/span><\/p><\/blockquote>\n<p>&nbsp;<\/p>\n<blockquote><p><span style=\"font-size: 12pt\"><strong><a href=\"http:\/\/autismeurope.akimedia.eu\/wp-content\/uploads\/2017\/08\/ep-report-website.pdf\" target=\"_blank\" rel=\"noopener\">T\u00e9l\u00e9charger le rapport de la conf\u00e9rence<\/a><\/strong><\/span><\/p><\/blockquote>\n<blockquote><p><span style=\"font-size: 12pt\"><strong><a href=\"http:\/\/autismeurope.akimedia.eu\/wp-content\/uploads\/2017\/08\/ep-report-website.pdf\" target=\"_blank\" rel=\"noopener\">T\u00e9l\u00e9charger l&rsquo;agenda de la conf\u00e9rence<\/a><\/strong><\/span><\/p><\/blockquote>\n<blockquote><p><span style=\"font-size: 12pt\"><strong><a href=\"https:\/\/www.facebook.com\/media\/set\/?set=a.902168343191644.1073741851.125342050874281&amp;type=1\" target=\"_blank\" rel=\"noopener\">Voir des photos de la conf\u00e9rence sur notre page Facebook\u00a0<\/a><\/strong><\/span><\/p><\/blockquote>\n","protected":false},"excerpt":{"rendered":"<p>La conf\u00e9rence a \u00e9t\u00e9 copr\u00e9sid\u00e9e par l\u2019eurod\u00e9put\u00e9 Nicola Caputo (premier signataire de la D\u00e9claration \u00e9crite), l\u2019eurod\u00e9put\u00e9 Marek Plura (cosignataire et copr\u00e9sident de l\u2019Intergroupe sur le handicap) et par l\u2019eurod\u00e9put\u00e9e Miriam &hellip; <\/p>\n<p class=\"link-more\"><a href=\"https:\/\/www.autismeurope.org\/fr\/1-conference-au-parlement-europeen-vers-ladoption-dune-strategie-europeenne-de-lautisme\/\" class=\"more-link\">Continue reading<span class=\"screen-reader-text\"> \u00ab\u00a01-\tConf\u00e9rence au Parlement europ\u00e9en : \u00ab Vers l\u2019adoption d\u2019une Strat\u00e9gie europ\u00e9enne de  l\u2019autisme \u00bb\u00a0\u00bb<\/span><\/a><\/p>\n","protected":false},"author":32,"featured_media":0,"parent":0,"menu_order":0,"comment_status":"closed","ping_status":"closed","template":"","meta":{"_acf_changed":false,"_bbp_topic_count":0,"_bbp_reply_count":0,"_bbp_total_topic_count":0,"_bbp_total_reply_count":0,"_bbp_voice_count":0,"_bbp_anonymous_reply_count":0,"_bbp_topic_count_hidden":0,"_bbp_reply_count_hidden":0,"_bbp_forum_subforum_count":0,"footnotes":""},"class_list":["post-4084","page","type-page","status-publish","hentry"],"acf":[],"_links":{"self":[{"href":"https:\/\/www.autismeurope.org\/fr\/wp-json\/wp\/v2\/pages\/4084","targetHints":{"allow":["GET"]}}],"collection":[{"href":"https:\/\/www.autismeurope.org\/fr\/wp-json\/wp\/v2\/pages"}],"about":[{"href":"https:\/\/www.autismeurope.org\/fr\/wp-json\/wp\/v2\/types\/page"}],"author":[{"embeddable":true,"href":"https:\/\/www.autismeurope.org\/fr\/wp-json\/wp\/v2\/users\/32"}],"replies":[{"embeddable":true,"href":"https:\/\/www.autismeurope.org\/fr\/wp-json\/wp\/v2\/comments?post=4084"}],"version-history":[{"count":1,"href":"https:\/\/www.autismeurope.org\/fr\/wp-json\/wp\/v2\/pages\/4084\/revisions"}],"predecessor-version":[{"id":4085,"href":"https:\/\/www.autismeurope.org\/fr\/wp-json\/wp\/v2\/pages\/4084\/revisions\/4085"}],"wp:attachment":[{"href":"https:\/\/www.autismeurope.org\/fr\/wp-json\/wp\/v2\/media?parent=4084"}],"curies":[{"name":"wp","href":"https:\/\/api.w.org\/{rel}","templated":true}]}}