{"id":4462,"date":"2017-10-09T16:32:39","date_gmt":"2017-10-09T14:32:39","guid":{"rendered":"http:\/\/www.autismeurope.org\/fr\/?page_id=4462"},"modified":"2017-10-09T16:32:39","modified_gmt":"2017-10-09T14:32:39","slug":"journee-mondiale-de-sensibilisation-a-lautisme-2010","status":"publish","type":"page","link":"https:\/\/www.autismeurope.org\/fr\/journee-mondiale-de-sensibilisation-a-lautisme-2010\/","title":{"rendered":"Journ\u00e9e Mondiale de Sensibilisation \u00e0 l&rsquo;Autisme 2010"},"content":{"rendered":"<p>Les bourses de NYSE Euronext \u00e0 New York, Amsterdam, Bruxelles, Lisbonne et Paris ont ouvert ou ferm\u00e9 leurs march\u00e9s en pr\u00e9sence de repr\u00e9sentants d\u2019organisations mondiales de l\u2019autisme afin de\u00a0promouvoir la sensibilisation \u00e0 l\u2019autisme, trouble\u00a0affectant des millions de personnes et de familles \u00e0 travers le monde.<\/p>\n<p><span style=\"font-size: 12pt\">Etaient pr\u00e9sents, lors de l&rsquo;ouverture ou de la fermeture des march\u00e9s :<\/span><\/p>\n<ul>\n<li><span style=\"font-size: 12pt\">Evelyne Friedel, Pr\u00e9sidente d\u2019Autisme-Europe \u2013 a sonn\u00e9 la cloche d\u2019ouverture \u00e0 la bourse de Paris\u00a0\u00a0;<\/span><\/li>\n<li><span style=\"font-size: 12pt\">Fred Stekelenburg,\u00a0 Pr\u00e9sident de l\u2019Association N\u00e9erlandaise de l\u2019Autisme (Nederlands Vereniging voor Autisme) \u2013 a donn\u00e9 le gong de fermeture \u00e0 la bourse d\u2019Amsterdam\u00a0;<\/span><\/li>\n<li><span style=\"font-size: 12pt\">Isabel Cotinelli Telmo, Pr\u00e9sidente de Federa\u00e7\u00e3o Portuguesa de Autismo et Pr\u00e9sidente de l\u2019APPDA-Lisboa \u2013 a sonn\u00e9 la cloche d\u2019ouverture \u00e0 la bourse de Lisbonne ;<\/span><\/li>\n<li><span style=\"font-size: 12pt\">Suzanne et Bob Wright, co-fondateurs d\u2019Autism Speaks, la plus grande organisation mondiale de l\u2019autisme, aussi bien dans le domaine de la science que de la d\u00e9fense d\u2019int\u00e9r\u00eats \u2013 ont sonn\u00e9 la cloche d\u2019ouverture \u00e0 New York, en pr\u00e9sence de Duncan Niederauer, directeur g\u00e9n\u00e9ral de Nyse Euronext<\/span><\/li>\n<li><span style=\"font-size: 12pt\">Aur\u00e9lie Baranger, Directrice d\u2019Autisme-Europe \u2013 a sonn\u00e9 la cloche d\u2019ouverture \u00e0 la bourse de Bruxelles<\/span><\/li>\n<\/ul>\n","protected":false},"excerpt":{"rendered":"<p>Les bourses de NYSE Euronext \u00e0 New York, Amsterdam, Bruxelles, Lisbonne et Paris ont ouvert ou ferm\u00e9 leurs march\u00e9s en pr\u00e9sence de repr\u00e9sentants d\u2019organisations mondiales de l\u2019autisme afin de\u00a0promouvoir la &hellip; <\/p>\n<p class=\"link-more\"><a href=\"https:\/\/www.autismeurope.org\/fr\/journee-mondiale-de-sensibilisation-a-lautisme-2010\/\" class=\"more-link\">Continue reading<span class=\"screen-reader-text\"> \u00ab\u00a0Journ\u00e9e Mondiale de Sensibilisation \u00e0 l&rsquo;Autisme 2010\u00a0\u00bb<\/span><\/a><\/p>\n","protected":false},"author":32,"featured_media":0,"parent":0,"menu_order":0,"comment_status":"closed","ping_status":"closed","template":"","meta":{"_acf_changed":false,"_bbp_topic_count":0,"_bbp_reply_count":0,"_bbp_total_topic_count":0,"_bbp_total_reply_count":0,"_bbp_voice_count":0,"_bbp_anonymous_reply_count":0,"_bbp_topic_count_hidden":0,"_bbp_reply_count_hidden":0,"_bbp_forum_subforum_count":0,"footnotes":""},"class_list":["post-4462","page","type-page","status-publish","hentry"],"acf":[],"_links":{"self":[{"href":"https:\/\/www.autismeurope.org\/fr\/wp-json\/wp\/v2\/pages\/4462","targetHints":{"allow":["GET"]}}],"collection":[{"href":"https:\/\/www.autismeurope.org\/fr\/wp-json\/wp\/v2\/pages"}],"about":[{"href":"https:\/\/www.autismeurope.org\/fr\/wp-json\/wp\/v2\/types\/page"}],"author":[{"embeddable":true,"href":"https:\/\/www.autismeurope.org\/fr\/wp-json\/wp\/v2\/users\/32"}],"replies":[{"embeddable":true,"href":"https:\/\/www.autismeurope.org\/fr\/wp-json\/wp\/v2\/comments?post=4462"}],"version-history":[{"count":1,"href":"https:\/\/www.autismeurope.org\/fr\/wp-json\/wp\/v2\/pages\/4462\/revisions"}],"predecessor-version":[{"id":4463,"href":"https:\/\/www.autismeurope.org\/fr\/wp-json\/wp\/v2\/pages\/4462\/revisions\/4463"}],"wp:attachment":[{"href":"https:\/\/www.autismeurope.org\/fr\/wp-json\/wp\/v2\/media?parent=4462"}],"curies":[{"name":"wp","href":"https:\/\/api.w.org\/{rel}","templated":true}]}}