{"id":45042,"date":"2021-02-01T16:24:49","date_gmt":"2021-02-01T15:24:49","guid":{"rendered":"https:\/\/www.autismeurope.org\/fr\/?page_id=45042"},"modified":"2021-03-16T09:34:19","modified_gmt":"2021-03-16T08:34:19","slug":"projet-alerrt-autisme-en-ligne-2020-2022","status":"publish","type":"page","link":"https:\/\/www.autismeurope.org\/fr\/projet-alerrt-autisme-en-ligne-2020-2022\/","title":{"rendered":"Projet ALERRT : Autisme en ligne ! (2020-2022)"},"content":{"rendered":"<p><span style=\"font-size: 12pt\">Pour les personnes autistes, il est essentiel d\u2019apprendre \u00e0 interagir avec les premiers intervenants. Or, il est tout aussi essentiel que les premiers intervenants (officiers de police, pompiers, personnel m\u00e9dical d\u2019urgence\/ambulanciers) comprennent l\u2019autisme et puissent r\u00e9agir efficacement et de mani\u00e8re s\u00fbre aux situations impliquant des personnes autistes.<\/span><\/p>\n<p><span style=\"font-size: 12pt\">Les premiers intervenants ont sept fois plus de chance d&rsquo;entrer en contact avec une personne autiste. Or, les faits montrent qu&rsquo;ils ne sont pas suffisamment form\u00e9s pour reconnaitre une personne autiste et r\u00e9agir de mani\u00e8re appropri\u00e9e. Ces faits montrent combien il est important pour les premiers intervenants d\u2019avoir une compr\u00e9hension suffisante de l&rsquo;autisme, de la fa\u00e7on dont il peut se manifester chez une personne et de savoir quelle est la meilleure fa\u00e7on de g\u00e9rer les incidents impliquant ce types de personnes.<\/span><\/p>\n<p><span style=\"font-size: 12pt\">Le projet ALERRT vise \u00e0 sensibiliser les premiers intervenants \u00e0 l\u2019autisme et \u00e0 d\u00e9velopper une confiance mutuelle entre les personnes autistes et les premiers intervenants.<\/span><\/p>\n<p><span style=\"font-size: 12pt\">Ce projet d\u00e9veloppera un programme de formation professionnelle pour formateurs et un manuel de formation pour les premiers intervenants, ainsi que des sc\u00e9narios de formation en r\u00e9alit\u00e9 virtuelle. En outre, les partenaires du projet collaboreront \u00e0 la cr\u00e9ation d\u2019une kit de s\u00e9curit\u00e9 pour les personnes autistes et leurs familles, et concentreront le mat\u00e9riel de formation d\u00e9velopp\u00e9 sur une plateforme d\u2019apprentissage en ligne.<\/span><\/p>\n<p><span style=\"font-size: 12pt\">Un partenariat entre 6 pays a \u00e9t\u00e9 cr\u00e9\u00e9 pour la mise en \u0153uvre de ce projet. Le coordinateur de projet <a href=\"https:\/\/geseme.com\/en\/\">GESEME<\/a>\u00a0(Espagne) travaillera en \u00e9troite collaboration avec <a href=\"http:\/\/www.ceipes.org\/\">CEIPES \u2013 Centre International pour le Promotion de l\u2019Education et du D\u00e9veloppement<\/a>\u00a0(Italie),\u00a0<a href=\"http:\/\/www.ulusofona.pt\/\">l\u2019Universit\u00e9 lusophone <\/a>(Portugal),\u00a0<a href=\"http:\/\/www.standoutedu.com\/\">STANDO LTD<\/a>\u00a0(Chypre),\u00a0<a href=\"http:\/\/www.eracr.cz\/\">l\u2019Agence europ\u00e9enne de d\u00e9veloppement \u2013 EUDA<\/a>\u00a0(R\u00e9publique tch\u00e8que) et Autisme-Europe (Belgique).<\/span><\/p>\n<blockquote><p><span style=\"font-size: 12pt\"><strong><a href=\"https:\/\/autismontheline.com\/\" target=\"_blank\" rel=\"noopener noreferrer\">Visitez le site web du projet<\/a><\/strong><\/span><\/p><\/blockquote>\n<h2><span style=\"font-size: 12pt\"><strong><span style=\"font-size: 14pt\">A propos du Programme Erasmus+<\/span> <\/strong><\/span><\/h2>\n<p><span style=\"font-size: 12pt\">Erasmus+ est le programme de l&rsquo;UE destin\u00e9 \u00e0 soutenir l&rsquo;\u00e9ducation, la formation, la jeunesse et les sports en Europe. Son budget de 14,7 milliards d&rsquo;euros offre \u00e0 plus de 4 millions d&rsquo;Europ\u00e9ens la possibilit\u00e9 d&rsquo;\u00e9tudier, de se former, d&rsquo;acqu\u00e9rir de l&rsquo;exp\u00e9rience et de faire du b\u00e9n\u00e9volat \u00e0 l&rsquo;\u00e9tranger.<\/span><\/p>\n<blockquote><p><span style=\"font-size: 12pt\"><a href=\"https:\/\/ec.europa.eu\/programmes\/erasmus-plus\/about_en\"><strong>En savoir plus<\/strong><\/a><\/span><\/p><\/blockquote>\n","protected":false},"excerpt":{"rendered":"<p>Pour les personnes autistes, il est essentiel d\u2019apprendre \u00e0 interagir avec les premiers intervenants. Or, il est tout aussi essentiel que les premiers intervenants (officiers de police, pompiers, personnel m\u00e9dical &hellip; <\/p>\n<p class=\"link-more\"><a href=\"https:\/\/www.autismeurope.org\/fr\/projet-alerrt-autisme-en-ligne-2020-2022\/\" class=\"more-link\">Continue reading<span class=\"screen-reader-text\"> \u00ab\u00a0Projet ALERRT : Autisme en ligne ! (2020-2022)\u00a0\u00bb<\/span><\/a><\/p>\n","protected":false},"author":32,"featured_media":0,"parent":0,"menu_order":0,"comment_status":"closed","ping_status":"closed","template":"","meta":{"_acf_changed":false,"_bbp_topic_count":0,"_bbp_reply_count":0,"_bbp_total_topic_count":0,"_bbp_total_reply_count":0,"_bbp_voice_count":0,"_bbp_anonymous_reply_count":0,"_bbp_topic_count_hidden":0,"_bbp_reply_count_hidden":0,"_bbp_forum_subforum_count":0,"footnotes":""},"class_list":["post-45042","page","type-page","status-publish","hentry"],"acf":[],"_links":{"self":[{"href":"https:\/\/www.autismeurope.org\/fr\/wp-json\/wp\/v2\/pages\/45042","targetHints":{"allow":["GET"]}}],"collection":[{"href":"https:\/\/www.autismeurope.org\/fr\/wp-json\/wp\/v2\/pages"}],"about":[{"href":"https:\/\/www.autismeurope.org\/fr\/wp-json\/wp\/v2\/types\/page"}],"author":[{"embeddable":true,"href":"https:\/\/www.autismeurope.org\/fr\/wp-json\/wp\/v2\/users\/32"}],"replies":[{"embeddable":true,"href":"https:\/\/www.autismeurope.org\/fr\/wp-json\/wp\/v2\/comments?post=45042"}],"version-history":[{"count":5,"href":"https:\/\/www.autismeurope.org\/fr\/wp-json\/wp\/v2\/pages\/45042\/revisions"}],"predecessor-version":[{"id":45398,"href":"https:\/\/www.autismeurope.org\/fr\/wp-json\/wp\/v2\/pages\/45042\/revisions\/45398"}],"wp:attachment":[{"href":"https:\/\/www.autismeurope.org\/fr\/wp-json\/wp\/v2\/media?parent=45042"}],"curies":[{"name":"wp","href":"https:\/\/api.w.org\/{rel}","templated":true}]}}